{"id":32577,"date":"2025-08-04T11:51:56","date_gmt":"2025-08-04T09:51:56","guid":{"rendered":"https:\/\/gervi.be\/shop\/ribes\/"},"modified":"2025-09-10T10:30:43","modified_gmt":"2025-09-10T08:30:43","slug":"ribes","status":"publish","type":"product","link":"https:\/\/gervi.be\/fr\/produit\/ribes\/","title":{"rendered":"RIBES"},"content":{"rendered":"<p data-start=\"221\" data-end=\"563\">Le lit de jour Ribes de B&amp;B Italia est un meuble d&#8217;ext\u00e9rieur \u00e9l\u00e9gant et modulaire de la collection Ribes, con\u00e7ue par Antonio Citterio en 2019. Le mobilier combine des mat\u00e9riaux de haute qualit\u00e9 et une fonctionnalit\u00e9 polyvalente, id\u00e9ale pour les v\u00e9randas, les terrasses couvertes et les espaces de transition int\u00e9rieur-ext\u00e9rieur. <\/p>\n<p data-start=\"565\" data-end=\"1095\">La construction est robuste et consiste en un cadre en aluminium recouvert d&#8217;un rev\u00eatement durable en poudre de polyester. La base consiste en une zone d&#8217;assise semblable \u00e0 un futon, avec des lattes flexibles en fibre de verre, offrant r\u00e9silience et confort. Les \u00e9l\u00e9ments r\u00e9glables, tels que les accoudoirs et les dossiers, peuvent \u00eatre fix\u00e9s de deux mani\u00e8res : par un cannage en polypropyl\u00e8ne ou par un coussin \u00e0 roulettes.  <\/p>\n<p data-start=\"1097\" data-end=\"1357\">Le confort d&#8217;assise est tr\u00e8s \u00e9lev\u00e9 gr\u00e2ce \u00e0 des coussins en forme de matelas avec un rembourrage en mousse et un toucher doux, combin\u00e9s \u00e0 des coussins de dossier et d&#8217;accoudoir de diff\u00e9rentes formes qui lui conf\u00e8rent un caract\u00e8re vivant et accueillant.<\/p>\n<p data-start=\"1359\" data-end=\"1869\">Une table en teck int\u00e9gr\u00e9e (environ 35 \u00d7 129 cm) est sp\u00e9cifique au lit de jour. Elle est id\u00e9ale pour placer des boissons ou des livres \u00e0 port\u00e9e de main. Autres caract\u00e9ristiques : le cadre en aluminium est recouvert d&#8217;un rev\u00eatement en poudre, les coussins sont disponibles en quatre cat\u00e9gories de tissu et les coussins \u00e0 roulettes en cinq cat\u00e9gories. Le rembourrage est d\u00e9houssable et le lit de jour est d\u00e9montable.  <\/p>\n<p data-start=\"1871\" data-end=\"2114\">Gr\u00e2ce \u00e0 sa conception modulaire, le lit de jour peut \u00eatre combin\u00e9 sans effort avec d&#8217;autres \u00e9l\u00e9ments Ribes, tels que des \u00e9l\u00e9ments centraux, des chaises longues ou des poufs, pour cr\u00e9er votre propre d\u00e9cor de salon.<\/p>\n","protected":false},"excerpt":{"rendered":"<p>Le lit de jour Ribes de B&amp;B Italia est un meuble d&#8217;ext\u00e9rieur \u00e9l\u00e9gant et modulaire de la collection Ribes, con\u00e7ue par Antonio Citterio en 2019. Le mobilier combine des mat\u00e9riaux de haute qualit\u00e9 et une fonctionnalit\u00e9 polyvalente, id\u00e9ale pour les v\u00e9randas, les terrasses couvertes et les espaces de transition int\u00e9rieur-ext\u00e9rieur. La construction est robuste et [&hellip;]<\/p>\n","protected":false},"featured_media":32568,"template":"","meta":{"_acf_changed":false,"_uag_custom_page_level_css":"","site-sidebar-layout":"default","site-content-layout":"","ast-site-content-layout":"default","site-content-style":"default","site-sidebar-style":"default","ast-global-header-display":"","ast-banner-title-visibility":"","ast-main-header-display":"","ast-hfb-above-header-display":"","ast-hfb-below-header-display":"","ast-hfb-mobile-header-display":"","site-post-title":"","ast-breadcrumbs-content":"","ast-featured-img":"","footer-sml-layout":"","ast-disable-related-posts":"","theme-transparent-header-meta":"default","adv-header-id-meta":"","stick-header-meta":"","header-above-stick-meta":"","header-main-stick-meta":"","header-below-stick-meta":"","astra-migrate-meta-layouts":"default","ast-page-background-enabled":"default","ast-page-background-meta":{"desktop":{"background-color":"","background-image":"","background-repeat":"repeat","background-position":"center center","background-size":"auto","background-attachment":"scroll","background-type":"","background-media":"","overlay-type":"","overlay-color":"","overlay-opacity":"","overlay-gradient":""},"tablet":{"background-color":"","background-image":"","background-repeat":"repeat","background-position":"center center","background-size":"auto","background-attachment":"scroll","background-type":"","background-media":"","overlay-type":"","overlay-color":"","overlay-opacity":"","overlay-gradient":""},"mobile":{"background-color":"","background-image":"","background-repeat":"repeat","background-position":"center center","background-size":"auto","background-attachment":"scroll","background-type":"","background-media":"","overlay-type":"","overlay-color":"","overlay-opacity":"","overlay-gradient":""}},"ast-content-background-meta":{"desktop":{"background-color":"var(--ast-global-color-5)","background-image":"","background-repeat":"repeat","background-position":"center center","background-size":"auto","background-attachment":"scroll","background-type":"","background-media":"","overlay-type":"","overlay-color":"","overlay-opacity":"","overlay-gradient":""},"tablet":{"background-color":"var(--ast-global-color-5)","background-image":"","background-repeat":"repeat","background-position":"center center","background-size":"auto","background-attachment":"scroll","background-type":"","background-media":"","overlay-type":"","overlay-color":"","overlay-opacity":"","overlay-gradient":""},"mobile":{"background-color":"var(--ast-global-color-5)","background-image":"","background-repeat":"repeat","background-position":"center center","background-size":"auto","background-attachment":"scroll","background-type":"","background-media":"","overlay-type":"","overlay-color":"","overlay-opacity":"","overlay-gradient":""}}},"product_brand":[6298],"product_cat":[6313,878],"product_tag":[6333,6331,6332,6339,6335,1443,1314,6334,6340,6336,6338,6337],"class_list":{"0":"post-32577","1":"product","2":"type-product","3":"status-publish","4":"has-post-thumbnail","6":"product_brand-bb-italia","7":"product_cat-lit-de-jour","8":"product_cat-meubles-de-jardin","9":"product_tag-bb-italia-mobilier-de-jardin","10":"product_tag-bb-italia-ribes-daybed-fr","11":"product_tag-bb-italia-ribes-outdoor-fr","12":"product_tag-canape-moderne-dexterieur","13":"product_tag-collection-antonio-citterio-ribes","14":"product_tag-exterieur","15":"product_tag-gervi-fr","16":"product_tag-lit-de-jour-design-de-luxe-a-lexterieur","17":"product_tag-meubles-dexterieur-italiens-de-qualite-superieure","18":"product_tag-meubles-de-salon-modulaires-pour-lexterieur","19":"product_tag-mobilier-de-jardin-haut-de-gamme","20":"product_tag-terrasse-exclusive-avec-lit-de-jour","21":"desktop-align-left","22":"tablet-align-left","23":"mobile-align-left","25":"first","26":"instock","27":"taxable","28":"shipping-taxable","29":"product-type-simple"},"acf":[],"uagb_featured_image_src":{"full":["https:\/\/gervi.be\/wp-content\/uploads\/2025\/08\/Ribes.png",750,750,false],"thumbnail":["https:\/\/gervi.be\/wp-content\/uploads\/2025\/08\/Ribes-150x150.png",150,150,true],"medium":["https:\/\/gervi.be\/wp-content\/uploads\/2025\/08\/Ribes-300x300.png",300,300,true],"medium_large":["https:\/\/gervi.be\/wp-content\/uploads\/2025\/08\/Ribes.png",750,750,false],"large":["https:\/\/gervi.be\/wp-content\/uploads\/2025\/08\/Ribes.png",750,750,false],"1536x1536":["https:\/\/gervi.be\/wp-content\/uploads\/2025\/08\/Ribes.png",750,750,false],"2048x2048":["https:\/\/gervi.be\/wp-content\/uploads\/2025\/08\/Ribes.png",750,750,false],"woocommerce_thumbnail":["https:\/\/gervi.be\/wp-content\/uploads\/2025\/08\/Ribes.png",750,750,false],"woocommerce_single":["https:\/\/gervi.be\/wp-content\/uploads\/2025\/08\/Ribes.png",750,750,false],"woocommerce_gallery_thumbnail":["https:\/\/gervi.be\/wp-content\/uploads\/2025\/08\/Ribes-100x100.png",100,100,true],"dgwt-wcas-product-suggestion":["https:\/\/gervi.be\/wp-content\/uploads\/2025\/08\/Ribes.png",64,64,false]},"uagb_author_info":{"display_name":"creativitijd","author_link":"https:\/\/gervi.be\/fr\/author\/"},"uagb_comment_info":0,"uagb_excerpt":"Le lit de jour Ribes de B&amp;B Italia est un meuble d&#8217;ext\u00e9rieur \u00e9l\u00e9gant et modulaire de la collection Ribes, con\u00e7ue par Antonio Citterio en 2019. Le mobilier combine des mat\u00e9riaux de haute qualit\u00e9 et une fonctionnalit\u00e9 polyvalente, id\u00e9ale pour les v\u00e9randas, les terrasses couvertes et les espaces de transition int\u00e9rieur-ext\u00e9rieur. La construction est robuste et\u2026","_links":{"self":[{"href":"https:\/\/gervi.be\/fr\/wp-json\/wp\/v2\/product\/32577","targetHints":{"allow":["GET"]}}],"collection":[{"href":"https:\/\/gervi.be\/fr\/wp-json\/wp\/v2\/product"}],"about":[{"href":"https:\/\/gervi.be\/fr\/wp-json\/wp\/v2\/types\/product"}],"wp:featuredmedia":[{"embeddable":true,"href":"https:\/\/gervi.be\/fr\/wp-json\/wp\/v2\/media\/32568"}],"wp:attachment":[{"href":"https:\/\/gervi.be\/fr\/wp-json\/wp\/v2\/media?parent=32577"}],"wp:term":[{"taxonomy":"product_brand","embeddable":true,"href":"https:\/\/gervi.be\/fr\/wp-json\/wp\/v2\/product_brand?post=32577"},{"taxonomy":"product_cat","embeddable":true,"href":"https:\/\/gervi.be\/fr\/wp-json\/wp\/v2\/product_cat?post=32577"},{"taxonomy":"product_tag","embeddable":true,"href":"https:\/\/gervi.be\/fr\/wp-json\/wp\/v2\/product_tag?post=32577"}],"curies":[{"name":"wp","href":"https:\/\/api.w.org\/{rel}","templated":true}]}}