{"id":26341,"date":"2024-08-19T14:34:41","date_gmt":"2024-08-19T12:34:41","guid":{"rendered":"https:\/\/gervi.be\/shop\/baza-2\/"},"modified":"2024-08-19T14:34:41","modified_gmt":"2024-08-19T12:34:41","slug":"baza-2","status":"publish","type":"product","link":"https:\/\/gervi.be\/fr\/produit\/baza-2\/","title":{"rendered":"Baza"},"content":{"rendered":"<p>Le <strong>canap\u00e9 d&#8217;angle Baza<\/strong> de Todus offre une solution \u00e9l\u00e9gante et polyvalente pour votre espace ext\u00e9rieur, avec des dimensions totales de 328&#215;244 cm.<br \/>\nCet arrangement se compose de deux g\u00e9n\u00e9reux \u00e9l\u00e9ments de canap\u00e9 de 244&#215;84 cm, qui forment ensemble un canap\u00e9 d&#8217;angle confortable et spacieux.<br \/>\nChaque \u00e9l\u00e9ment est \u00e9quip\u00e9 d&#8217;un bras droit et d&#8217;un support de dossier, assurant une position assise confortable.<br \/>\nLe cadre du canap\u00e9 est en acier inoxydable et recouvert d&#8217;un rev\u00eatement en poudre anthracite.<br \/>\nCe rev\u00eatement offre non seulement un aspect \u00e9l\u00e9gant et moderne, mais aussi une excellente r\u00e9sistance aux intemp\u00e9ries, ce qui permet au canap\u00e9 d&#8217;\u00eatre utilis\u00e9 \u00e0 long terme en ext\u00e9rieur.<br \/>\nLes coussins d&#8217;assise et de dossier gris clair ont \u00e9t\u00e9 sp\u00e9cialement con\u00e7us pour une utilisation en ext\u00e9rieur.<br \/>\nCes coussins offrent non seulement un grand confort, mais ils sont \u00e9galement r\u00e9sistants aux intemp\u00e9ries et faciles \u00e0 entretenir.<br \/>\nVeuillez noter que les coussins d\u00e9co ne sont pas inclus dans cet ensemble.<br \/>\nCe canap\u00e9 d&#8217;angle Baza allie un design intemporel \u00e0 un confort de haute qualit\u00e9, ce qui en fait un choix id\u00e9al pour ceux qui recherchent un ajout \u00e9l\u00e9gant et durable \u00e0 leur espace ext\u00e9rieur.<br \/>\nLes couleurs neutres permettent d&#8217;int\u00e9grer facilement ce canap\u00e9 dans diff\u00e9rents styles et environnements.         <\/p>\n","protected":false},"excerpt":{"rendered":"<p>Le canap\u00e9 d&#8217;angle Baza de Todus offre une solution \u00e9l\u00e9gante et polyvalente pour votre espace ext\u00e9rieur, avec des dimensions totales de 328&#215;244 cm. Cet arrangement se compose de deux g\u00e9n\u00e9reux \u00e9l\u00e9ments de canap\u00e9 de 244&#215;84 cm, qui forment ensemble un canap\u00e9 d&#8217;angle confortable et spacieux. Chaque \u00e9l\u00e9ment est \u00e9quip\u00e9 d&#8217;un bras droit et d&#8217;un support [&hellip;]<\/p>\n","protected":false},"featured_media":26332,"template":"","meta":{"_acf_changed":false,"_uag_custom_page_level_css":"","site-sidebar-layout":"default","site-content-layout":"","ast-site-content-layout":"default","site-content-style":"default","site-sidebar-style":"default","ast-global-header-display":"","ast-banner-title-visibility":"","ast-main-header-display":"","ast-hfb-above-header-display":"","ast-hfb-below-header-display":"","ast-hfb-mobile-header-display":"","site-post-title":"","ast-breadcrumbs-content":"","ast-featured-img":"","footer-sml-layout":"","ast-disable-related-posts":"","theme-transparent-header-meta":"default","adv-header-id-meta":"","stick-header-meta":"","header-above-stick-meta":"","header-main-stick-meta":"","header-below-stick-meta":"","astra-migrate-meta-layouts":"default","ast-page-background-enabled":"default","ast-page-background-meta":{"desktop":{"background-color":"","background-image":"","background-repeat":"repeat","background-position":"center center","background-size":"auto","background-attachment":"scroll","background-type":"","background-media":"","overlay-type":"","overlay-color":"","overlay-opacity":"","overlay-gradient":""},"tablet":{"background-color":"","background-image":"","background-repeat":"repeat","background-position":"center center","background-size":"auto","background-attachment":"scroll","background-type":"","background-media":"","overlay-type":"","overlay-color":"","overlay-opacity":"","overlay-gradient":""},"mobile":{"background-color":"","background-image":"","background-repeat":"repeat","background-position":"center center","background-size":"auto","background-attachment":"scroll","background-type":"","background-media":"","overlay-type":"","overlay-color":"","overlay-opacity":"","overlay-gradient":""}},"ast-content-background-meta":{"desktop":{"background-color":"var(--ast-global-color-5)","background-image":"","background-repeat":"repeat","background-position":"center center","background-size":"auto","background-attachment":"scroll","background-type":"","background-media":"","overlay-type":"","overlay-color":"","overlay-opacity":"","overlay-gradient":""},"tablet":{"background-color":"var(--ast-global-color-5)","background-image":"","background-repeat":"repeat","background-position":"center center","background-size":"auto","background-attachment":"scroll","background-type":"","background-media":"","overlay-type":"","overlay-color":"","overlay-opacity":"","overlay-gradient":""},"mobile":{"background-color":"var(--ast-global-color-5)","background-image":"","background-repeat":"repeat","background-position":"center center","background-size":"auto","background-attachment":"scroll","background-type":"","background-media":"","overlay-type":"","overlay-color":"","overlay-opacity":"","overlay-gradient":""}}},"product_brand":[],"product_cat":[905,878],"product_tag":[3878,4197,4183,4199,4180,4174,4189,4195,4185,4178,4190,4187,4192,4181,4038,4143,4186,4009,1314,4198,4196,4176,4182,4191,4179,4188,4184,4177,4193,4200,4175,4194],"class_list":{"0":"post-26341","1":"product","2":"type-product","3":"status-publish","4":"has-post-thumbnail","6":"product_cat-ensemble-de-salon","7":"product_cat-meubles-de-jardin","8":"product_tag-acier-inoxydable","9":"product_tag-amenagement-du-jardin","10":"product_tag-banc-dangle-exterieur","11":"product_tag-banc-exterieur","12":"product_tag-canape-dangle","13":"product_tag-canape-dangle-baza","14":"product_tag-canape-dangle-spacieux","15":"product_tag-canape-durable","16":"product_tag-canape-elegant","17":"product_tag-canape-resistant-aux-intemperies","18":"product_tag-confort-du-jardin","19":"product_tag-coussins-dexterieur","20":"product_tag-coussins-faciles-a-entretenir","21":"product_tag-coussins-gris-clair","22":"product_tag-design-intemporel","23":"product_tag-espace-exterieur-moderne","24":"product_tag-espace-exterieur-pour-sasseoir","25":"product_tag-explorez-votre-style-de-vie-fr","26":"product_tag-gervi-fr","27":"product_tag-jardin-moderne","28":"product_tag-materiaux-resistants-aux-intemperies","29":"product_tag-meubles-dexterieur-fr-2","30":"product_tag-meubles-dexterieur-confortables","31":"product_tag-meubles-dexterieur-de-haute-qualite","32":"product_tag-meubles-de-jardin-de-luxe","33":"product_tag-meubles-de-jardin-elegants-fr","34":"product_tag-mobilier-de-jardin-durable","35":"product_tag-revetement-en-poudre-anthracite","36":"product_tag-salon-de-jardin","37":"product_tag-se-detendre-a-lexterieur","38":"product_tag-todus-fr","39":"product_tag-vie-en-plein-air-fr","40":"desktop-align-left","41":"tablet-align-left","42":"mobile-align-left","44":"first","45":"instock","46":"sale","47":"taxable","48":"shipping-taxable","49":"purchasable","50":"product-type-simple"},"acf":[],"uagb_featured_image_src":{"full":["https:\/\/gervi.be\/wp-content\/uploads\/2024\/08\/Todus-Baza-hoeksofa.jpg",1500,1500,false],"thumbnail":["https:\/\/gervi.be\/wp-content\/uploads\/2024\/08\/Todus-Baza-hoeksofa-150x150.jpg",150,150,true],"medium":["https:\/\/gervi.be\/wp-content\/uploads\/2024\/08\/Todus-Baza-hoeksofa-300x300.jpg",300,300,true],"medium_large":["https:\/\/gervi.be\/wp-content\/uploads\/2024\/08\/Todus-Baza-hoeksofa-768x768.jpg",768,768,true],"large":["https:\/\/gervi.be\/wp-content\/uploads\/2024\/08\/Todus-Baza-hoeksofa-1024x1024.jpg",1024,1024,true],"1536x1536":["https:\/\/gervi.be\/wp-content\/uploads\/2024\/08\/Todus-Baza-hoeksofa.jpg",1500,1500,false],"2048x2048":["https:\/\/gervi.be\/wp-content\/uploads\/2024\/08\/Todus-Baza-hoeksofa.jpg",1500,1500,false],"woocommerce_thumbnail":["https:\/\/gervi.be\/wp-content\/uploads\/2024\/08\/Todus-Baza-hoeksofa.jpg",1500,1500,false],"woocommerce_single":["https:\/\/gervi.be\/wp-content\/uploads\/2024\/08\/Todus-Baza-hoeksofa.jpg",1500,1500,false],"woocommerce_gallery_thumbnail":["https:\/\/gervi.be\/wp-content\/uploads\/2024\/08\/Todus-Baza-hoeksofa-100x100.jpg",100,100,true],"dgwt-wcas-product-suggestion":["https:\/\/gervi.be\/wp-content\/uploads\/2024\/08\/Todus-Baza-hoeksofa.jpg",64,64,false]},"uagb_author_info":{"display_name":"Seppe Vandecruys","author_link":"https:\/\/gervi.be\/fr\/author\/"},"uagb_comment_info":0,"uagb_excerpt":"Le canap\u00e9 d&#8217;angle Baza de Todus offre une solution \u00e9l\u00e9gante et polyvalente pour votre espace ext\u00e9rieur, avec des dimensions totales de 328&#215;244 cm. Cet arrangement se compose de deux g\u00e9n\u00e9reux \u00e9l\u00e9ments de canap\u00e9 de 244&#215;84 cm, qui forment ensemble un canap\u00e9 d&#8217;angle confortable et spacieux. Chaque \u00e9l\u00e9ment est \u00e9quip\u00e9 d&#8217;un bras droit et d&#8217;un support\u2026","_links":{"self":[{"href":"https:\/\/gervi.be\/fr\/wp-json\/wp\/v2\/product\/26341","targetHints":{"allow":["GET"]}}],"collection":[{"href":"https:\/\/gervi.be\/fr\/wp-json\/wp\/v2\/product"}],"about":[{"href":"https:\/\/gervi.be\/fr\/wp-json\/wp\/v2\/types\/product"}],"wp:featuredmedia":[{"embeddable":true,"href":"https:\/\/gervi.be\/fr\/wp-json\/wp\/v2\/media\/26332"}],"wp:attachment":[{"href":"https:\/\/gervi.be\/fr\/wp-json\/wp\/v2\/media?parent=26341"}],"wp:term":[{"taxonomy":"product_brand","embeddable":true,"href":"https:\/\/gervi.be\/fr\/wp-json\/wp\/v2\/product_brand?post=26341"},{"taxonomy":"product_cat","embeddable":true,"href":"https:\/\/gervi.be\/fr\/wp-json\/wp\/v2\/product_cat?post=26341"},{"taxonomy":"product_tag","embeddable":true,"href":"https:\/\/gervi.be\/fr\/wp-json\/wp\/v2\/product_tag?post=26341"}],"curies":[{"name":"wp","href":"https:\/\/api.w.org\/{rel}","templated":true}]}}