{"id":14592,"date":"2023-08-31T10:58:16","date_gmt":"2023-08-31T08:58:16","guid":{"rendered":"https:\/\/gervi.be\/shop\/foret\/"},"modified":"2025-07-25T08:52:20","modified_gmt":"2025-07-25T06:52:20","slug":"foret","status":"publish","type":"product","link":"https:\/\/gervi.be\/fr\/produit\/foret\/","title":{"rendered":"FOR\u00caT"},"content":{"rendered":"<p>En aluminium extrud\u00e9 et moul\u00e9, Forest est une r\u00e9f\u00e9rence explicite aux motifs graphiques dessin\u00e9s, entre ombre et lumi\u00e8re, dans une for\u00eat. La collection de chaises et de chaises longues est con\u00e7ue pour un usage ext\u00e9rieur et des occasions conviviales : un verre, un brunch en plein air, un d\u00eener informel, &#8230; La chaise est empilable et est \u00e9galement disponible avec des pieds \u00e0 roulettes ou avec une base pivotante. Oreillers disponibles sur demande. La collection Forest se compose de : chaise, chaise de salle \u00e0 manger, fauteuil, chaise longue, tabouret.<\/p>\n","protected":false},"excerpt":{"rendered":"<p>En aluminium extrud\u00e9 et moul\u00e9, Forest est une r\u00e9f\u00e9rence explicite aux motifs graphiques dessin\u00e9s, entre ombre et lumi\u00e8re, dans une for\u00eat. La collection de chaises et de chaises longues est con\u00e7ue pour un usage ext\u00e9rieur et des occasions conviviales : un verre, un brunch en plein air, un d\u00eener informel, &#8230; La chaise est empilable [&hellip;]<\/p>\n","protected":false},"featured_media":31119,"template":"","meta":{"_acf_changed":false,"_uag_custom_page_level_css":"","site-sidebar-layout":"default","site-content-layout":"","ast-site-content-layout":"default","site-content-style":"default","site-sidebar-style":"default","ast-global-header-display":"","ast-banner-title-visibility":"","ast-main-header-display":"","ast-hfb-above-header-display":"","ast-hfb-below-header-display":"","ast-hfb-mobile-header-display":"","site-post-title":"","ast-breadcrumbs-content":"","ast-featured-img":"","footer-sml-layout":"","ast-disable-related-posts":"","theme-transparent-header-meta":"default","adv-header-id-meta":"","stick-header-meta":"","header-above-stick-meta":"","header-main-stick-meta":"","header-below-stick-meta":"","astra-migrate-meta-layouts":"default","ast-page-background-enabled":"default","ast-page-background-meta":{"desktop":{"background-color":"","background-image":"","background-repeat":"repeat","background-position":"center center","background-size":"auto","background-attachment":"scroll","background-type":"","background-media":"","overlay-type":"","overlay-color":"","overlay-opacity":"","overlay-gradient":""},"tablet":{"background-color":"","background-image":"","background-repeat":"repeat","background-position":"center center","background-size":"auto","background-attachment":"scroll","background-type":"","background-media":"","overlay-type":"","overlay-color":"","overlay-opacity":"","overlay-gradient":""},"mobile":{"background-color":"","background-image":"","background-repeat":"repeat","background-position":"center center","background-size":"auto","background-attachment":"scroll","background-type":"","background-media":"","overlay-type":"","overlay-color":"","overlay-opacity":"","overlay-gradient":""}},"ast-content-background-meta":{"desktop":{"background-color":"var(--ast-global-color-5)","background-image":"","background-repeat":"repeat","background-position":"center center","background-size":"auto","background-attachment":"scroll","background-type":"","background-media":"","overlay-type":"","overlay-color":"","overlay-opacity":"","overlay-gradient":""},"tablet":{"background-color":"var(--ast-global-color-5)","background-image":"","background-repeat":"repeat","background-position":"center center","background-size":"auto","background-attachment":"scroll","background-type":"","background-media":"","overlay-type":"","overlay-color":"","overlay-opacity":"","overlay-gradient":""},"mobile":{"background-color":"var(--ast-global-color-5)","background-image":"","background-repeat":"repeat","background-position":"center center","background-size":"auto","background-attachment":"scroll","background-type":"","background-media":"","overlay-type":"","overlay-color":"","overlay-opacity":"","overlay-gradient":""}}},"product_brand":[6299],"product_cat":[899,878],"product_tag":[],"class_list":{"0":"post-14592","1":"product","2":"type-product","3":"status-publish","4":"has-post-thumbnail","6":"product_brand-fast","7":"product_cat-chaise-de-jardin","8":"product_cat-meubles-de-jardin","9":"desktop-align-left","10":"tablet-align-left","11":"mobile-align-left","13":"first","14":"instock","15":"product-type-simple"},"acf":[],"uagb_featured_image_src":{"full":["https:\/\/gervi.be\/wp-content\/uploads\/2023\/08\/Forest-750x750-1.png",750,750,false],"thumbnail":["https:\/\/gervi.be\/wp-content\/uploads\/2023\/08\/Forest-750x750-1-150x150.png",150,150,true],"medium":["https:\/\/gervi.be\/wp-content\/uploads\/2023\/08\/Forest-750x750-1-300x300.png",300,300,true],"medium_large":["https:\/\/gervi.be\/wp-content\/uploads\/2023\/08\/Forest-750x750-1.png",750,750,false],"large":["https:\/\/gervi.be\/wp-content\/uploads\/2023\/08\/Forest-750x750-1.png",750,750,false],"1536x1536":["https:\/\/gervi.be\/wp-content\/uploads\/2023\/08\/Forest-750x750-1.png",750,750,false],"2048x2048":["https:\/\/gervi.be\/wp-content\/uploads\/2023\/08\/Forest-750x750-1.png",750,750,false],"woocommerce_thumbnail":["https:\/\/gervi.be\/wp-content\/uploads\/2023\/08\/Forest-750x750-1.png",750,750,false],"woocommerce_single":["https:\/\/gervi.be\/wp-content\/uploads\/2023\/08\/Forest-750x750-1.png",750,750,false],"woocommerce_gallery_thumbnail":["https:\/\/gervi.be\/wp-content\/uploads\/2023\/08\/Forest-750x750-1-100x100.png",100,100,true],"dgwt-wcas-product-suggestion":["https:\/\/gervi.be\/wp-content\/uploads\/2023\/08\/Forest-750x750-1.png",64,64,false]},"uagb_author_info":{"display_name":"Marjolein Nijs","author_link":"https:\/\/gervi.be\/fr\/author\/"},"uagb_comment_info":0,"uagb_excerpt":"En aluminium extrud\u00e9 et moul\u00e9, Forest est une r\u00e9f\u00e9rence explicite aux motifs graphiques dessin\u00e9s, entre ombre et lumi\u00e8re, dans une for\u00eat. La collection de chaises et de chaises longues est con\u00e7ue pour un usage ext\u00e9rieur et des occasions conviviales : un verre, un brunch en plein air, un d\u00eener informel, &#8230; La chaise est empilable\u2026","_links":{"self":[{"href":"https:\/\/gervi.be\/fr\/wp-json\/wp\/v2\/product\/14592","targetHints":{"allow":["GET"]}}],"collection":[{"href":"https:\/\/gervi.be\/fr\/wp-json\/wp\/v2\/product"}],"about":[{"href":"https:\/\/gervi.be\/fr\/wp-json\/wp\/v2\/types\/product"}],"wp:featuredmedia":[{"embeddable":true,"href":"https:\/\/gervi.be\/fr\/wp-json\/wp\/v2\/media\/31119"}],"wp:attachment":[{"href":"https:\/\/gervi.be\/fr\/wp-json\/wp\/v2\/media?parent=14592"}],"wp:term":[{"taxonomy":"product_brand","embeddable":true,"href":"https:\/\/gervi.be\/fr\/wp-json\/wp\/v2\/product_brand?post=14592"},{"taxonomy":"product_cat","embeddable":true,"href":"https:\/\/gervi.be\/fr\/wp-json\/wp\/v2\/product_cat?post=14592"},{"taxonomy":"product_tag","embeddable":true,"href":"https:\/\/gervi.be\/fr\/wp-json\/wp\/v2\/product_tag?post=14592"}],"curies":[{"name":"wp","href":"https:\/\/api.w.org\/{rel}","templated":true}]}}