{"id":14241,"date":"2023-08-31T10:57:52","date_gmt":"2023-08-31T08:57:52","guid":{"rendered":"https:\/\/gervi.be\/shop\/brea\/"},"modified":"2025-05-16T11:24:13","modified_gmt":"2025-05-16T09:24:13","slug":"brea","status":"publish","type":"product","link":"https:\/\/gervi.be\/fr\/produit\/brea\/","title":{"rendered":"BREA"},"content":{"rendered":"<p>Edward Barber et Jay Osgerby ont con\u00e7u avec BREA un syst\u00e8me de salon ext\u00e9rieur d&#8217;un luxe discret et d&#8217;une qualit\u00e9 sup\u00e9rieure. Une construction sophistiqu\u00e9e et raffin\u00e9e, associ\u00e9e \u00e0 un syst\u00e8me ing\u00e9nieux de connecteurs, conf\u00e8re \u00e0 la collection un profil moderne et une polyvalence maximale. La conception avanc\u00e9e des coussins en tissu imperm\u00e9able, le rembourrage sp\u00e9cial de l&#8217;\u00e2me et les sangles \u00e9tendues sur le cadre garantissent une sensation de confort \u00e0 l&#8217;int\u00e9rieur comme \u00e0 l&#8217;ext\u00e9rieur. L&#8217;attention port\u00e9e par les concepteurs \u00e0 la qualit\u00e9 et aux d\u00e9tails \u00e0 chaque \u00e9tape se refl\u00e8te parfaitement dans l&#8217;esth\u00e9tique de BREA, d&#8217;une \u00e9l\u00e9gante simplicit\u00e9.<\/p>\n","protected":false},"excerpt":{"rendered":"<p>Edward Barber et Jay Osgerby ont con\u00e7u avec BREA un syst\u00e8me de salon ext\u00e9rieur d&#8217;un luxe discret et d&#8217;une qualit\u00e9 sup\u00e9rieure. Une construction sophistiqu\u00e9e et raffin\u00e9e, associ\u00e9e \u00e0 un syst\u00e8me ing\u00e9nieux de connecteurs, conf\u00e8re \u00e0 la collection un profil moderne et une polyvalence maximale. La conception avanc\u00e9e des coussins en tissu imperm\u00e9able, le rembourrage sp\u00e9cial [&hellip;]<\/p>\n","protected":false},"featured_media":30232,"template":"","meta":{"_acf_changed":false,"_uag_custom_page_level_css":"","site-sidebar-layout":"default","site-content-layout":"","ast-site-content-layout":"default","site-content-style":"default","site-sidebar-style":"default","ast-global-header-display":"","ast-banner-title-visibility":"","ast-main-header-display":"","ast-hfb-above-header-display":"","ast-hfb-below-header-display":"","ast-hfb-mobile-header-display":"","site-post-title":"","ast-breadcrumbs-content":"","ast-featured-img":"","footer-sml-layout":"","ast-disable-related-posts":"","theme-transparent-header-meta":"default","adv-header-id-meta":"","stick-header-meta":"","header-above-stick-meta":"","header-main-stick-meta":"","header-below-stick-meta":"","astra-migrate-meta-layouts":"default","ast-page-background-enabled":"default","ast-page-background-meta":{"desktop":{"background-color":"","background-image":"","background-repeat":"repeat","background-position":"center center","background-size":"auto","background-attachment":"scroll","background-type":"","background-media":"","overlay-type":"","overlay-color":"","overlay-opacity":"","overlay-gradient":""},"tablet":{"background-color":"","background-image":"","background-repeat":"repeat","background-position":"center center","background-size":"auto","background-attachment":"scroll","background-type":"","background-media":"","overlay-type":"","overlay-color":"","overlay-opacity":"","overlay-gradient":""},"mobile":{"background-color":"","background-image":"","background-repeat":"repeat","background-position":"center center","background-size":"auto","background-attachment":"scroll","background-type":"","background-media":"","overlay-type":"","overlay-color":"","overlay-opacity":"","overlay-gradient":""}},"ast-content-background-meta":{"desktop":{"background-color":"var(--ast-global-color-5)","background-image":"","background-repeat":"repeat","background-position":"center center","background-size":"auto","background-attachment":"scroll","background-type":"","background-media":"","overlay-type":"","overlay-color":"","overlay-opacity":"","overlay-gradient":""},"tablet":{"background-color":"var(--ast-global-color-5)","background-image":"","background-repeat":"repeat","background-position":"center center","background-size":"auto","background-attachment":"scroll","background-type":"","background-media":"","overlay-type":"","overlay-color":"","overlay-opacity":"","overlay-gradient":""},"mobile":{"background-color":"var(--ast-global-color-5)","background-image":"","background-repeat":"repeat","background-position":"center center","background-size":"auto","background-attachment":"scroll","background-type":"","background-media":"","overlay-type":"","overlay-color":"","overlay-opacity":"","overlay-gradient":""}}},"product_brand":[],"product_cat":[905,878],"product_tag":[],"class_list":{"0":"post-14241","1":"product","2":"type-product","3":"status-publish","4":"has-post-thumbnail","6":"product_cat-ensemble-de-salon","7":"product_cat-meubles-de-jardin","8":"desktop-align-left","9":"tablet-align-left","10":"mobile-align-left","12":"first","13":"instock","14":"product-type-simple"},"acf":[],"uagb_featured_image_src":{"full":["https:\/\/gervi.be\/wp-content\/uploads\/2023\/08\/nr3dedon-brea-1.jpg",750,750,false],"thumbnail":["https:\/\/gervi.be\/wp-content\/uploads\/2023\/08\/nr3dedon-brea-1-150x150.jpg",150,150,true],"medium":["https:\/\/gervi.be\/wp-content\/uploads\/2023\/08\/nr3dedon-brea-1-300x300.jpg",300,300,true],"medium_large":["https:\/\/gervi.be\/wp-content\/uploads\/2023\/08\/nr3dedon-brea-1.jpg",750,750,false],"large":["https:\/\/gervi.be\/wp-content\/uploads\/2023\/08\/nr3dedon-brea-1.jpg",750,750,false],"1536x1536":["https:\/\/gervi.be\/wp-content\/uploads\/2023\/08\/nr3dedon-brea-1.jpg",750,750,false],"2048x2048":["https:\/\/gervi.be\/wp-content\/uploads\/2023\/08\/nr3dedon-brea-1.jpg",750,750,false],"woocommerce_thumbnail":["https:\/\/gervi.be\/wp-content\/uploads\/2023\/08\/nr3dedon-brea-1.jpg",750,750,false],"woocommerce_single":["https:\/\/gervi.be\/wp-content\/uploads\/2023\/08\/nr3dedon-brea-1.jpg",750,750,false],"woocommerce_gallery_thumbnail":["https:\/\/gervi.be\/wp-content\/uploads\/2023\/08\/nr3dedon-brea-1-100x100.jpg",100,100,true],"dgwt-wcas-product-suggestion":["https:\/\/gervi.be\/wp-content\/uploads\/2023\/08\/nr3dedon-brea-1.jpg",64,64,false]},"uagb_author_info":{"display_name":"Marjolein Nijs","author_link":"https:\/\/gervi.be\/fr\/author\/"},"uagb_comment_info":0,"uagb_excerpt":"Edward Barber et Jay Osgerby ont con\u00e7u avec BREA un syst\u00e8me de salon ext\u00e9rieur d&#8217;un luxe discret et d&#8217;une qualit\u00e9 sup\u00e9rieure. Une construction sophistiqu\u00e9e et raffin\u00e9e, associ\u00e9e \u00e0 un syst\u00e8me ing\u00e9nieux de connecteurs, conf\u00e8re \u00e0 la collection un profil moderne et une polyvalence maximale. La conception avanc\u00e9e des coussins en tissu imperm\u00e9able, le rembourrage sp\u00e9cial\u2026","_links":{"self":[{"href":"https:\/\/gervi.be\/fr\/wp-json\/wp\/v2\/product\/14241","targetHints":{"allow":["GET"]}}],"collection":[{"href":"https:\/\/gervi.be\/fr\/wp-json\/wp\/v2\/product"}],"about":[{"href":"https:\/\/gervi.be\/fr\/wp-json\/wp\/v2\/types\/product"}],"wp:featuredmedia":[{"embeddable":true,"href":"https:\/\/gervi.be\/fr\/wp-json\/wp\/v2\/media\/30232"}],"wp:attachment":[{"href":"https:\/\/gervi.be\/fr\/wp-json\/wp\/v2\/media?parent=14241"}],"wp:term":[{"taxonomy":"product_brand","embeddable":true,"href":"https:\/\/gervi.be\/fr\/wp-json\/wp\/v2\/product_brand?post=14241"},{"taxonomy":"product_cat","embeddable":true,"href":"https:\/\/gervi.be\/fr\/wp-json\/wp\/v2\/product_cat?post=14241"},{"taxonomy":"product_tag","embeddable":true,"href":"https:\/\/gervi.be\/fr\/wp-json\/wp\/v2\/product_tag?post=14241"}],"curies":[{"name":"wp","href":"https:\/\/api.w.org\/{rel}","templated":true}]}}