{"id":13081,"date":"2023-08-29T13:48:18","date_gmt":"2023-08-29T11:48:18","guid":{"rendered":"https:\/\/gervi.be\/shop\/forme\/"},"modified":"2024-06-27T14:31:48","modified_gmt":"2024-06-27T12:31:48","slug":"forme","status":"publish","type":"product","link":"https:\/\/gervi.be\/fr\/produit\/forme\/","title":{"rendered":"FORME"},"content":{"rendered":"<p><a href=\"https:\/\/gervi.be\/merken\/klafs\/\"><img decoding=\"async\" class=\"alignnone wp-image-17003\" src=\"https:\/\/gervi.be\/wp-content\/uploads\/2023\/12\/Klafs-logo-300x115.png\" alt=\"Logo Klafs\" width=\"150\" height=\"57\" title=\"\" srcset=\"https:\/\/gervi.be\/wp-content\/uploads\/2023\/12\/Klafs-logo-300x115.png 300w, https:\/\/gervi.be\/wp-content\/uploads\/2023\/12\/Klafs-logo-1024x393.png 1024w, https:\/\/gervi.be\/wp-content\/uploads\/2023\/12\/Klafs-logo-768x294.png 768w, https:\/\/gervi.be\/wp-content\/uploads\/2023\/12\/Klafs-logo-600x230.png 600w, https:\/\/gervi.be\/wp-content\/uploads\/2023\/12\/Klafs-logo.png 1200w\" sizes=\"(max-width: 150px) 100vw, 150px\" \/><\/a><\/p>\n<h2>Description<\/h2>\n<p>Le sauna SHAPE allie un design sportif et moderne \u00e0 un confort de haute qualit\u00e9. Le sauna doit son caract\u00e8re frappant en partie \u00e0 son ext\u00e9rieur magnifiquement fini, qui cr\u00e9e un effet sp\u00e9cial. L&#8217;aspect de haute qualit\u00e9 est encore accentu\u00e9 par le coin en verre et la poign\u00e9e de porte verticale remarquable. L&#8217;int\u00e9rieur du sauna SHAPE t\u00e9moigne de la m\u00eame qualit\u00e9. L&#8217;int\u00e9rieur est enti\u00e8rement recouvert de pruche, ce qui cr\u00e9e une atmosph\u00e8re unique et surtout d\u00e9tendue.<\/p>\n<p>Le sauna SHAPE de KLAFS est un sauna au design moderne et sportif qui allie esth\u00e9tique et fonctionnalit\u00e9. La finition ext\u00e9rieure du sauna SHAPE est frappante avec sa surface courb\u00e9e asym\u00e9triquement et son effet de profondeur 3D, disponible dans une couleur noire-brune moderne. Con\u00e7u pour les amateurs de design sportif et de confort haut de gamme, ce sauna conf\u00e8re un aspect exclusif \u00e0 tout espace de bien-\u00eatre.<\/p>\n<p>L&#8217;int\u00e9rieur du sauna SHAPE est enti\u00e8rement rev\u00eatu de bois de pruche, ce qui cr\u00e9e une atmosph\u00e8re chaleureuse et accueillante. Les chaises longues et les canap\u00e9s ont \u00e9t\u00e9 soigneusement con\u00e7us pour offrir un maximum de confort, tandis que l&#8217;\u00e9clairage indirect SUNSET cr\u00e9e une ambiance apaisante et relaxante. Cet \u00e9clairage s&#8217;inspire de la douce lueur d&#8217;un coucher de soleil, ajoutant \u00e0 l&#8217;exp\u00e9rience globale de d\u00e9tente.<\/p>\n<p>Le sauna SHAPE est \u00e9quip\u00e9 d&#8217;un po\u00eale FERO, connu pour sa taille compacte et sa puissance. Ce po\u00eale est id\u00e9al pour les infusions intensives et s&#8217;int\u00e8gre harmonieusement dans le design moderne du sauna. Pour ceux qui souhaitent un design encore plus \u00e9troit, le BONATHERM underbench heater est disponible. Ce syst\u00e8me permet de chauffer le sauna de mani\u00e8re homog\u00e8ne et de cr\u00e9er un climat agr\u00e9able, tout en restant compl\u00e8tement invisible et en cr\u00e9ant de l&#8217;espace suppl\u00e9mentaire.<\/p>\n<p>La facilit\u00e9 d&#8217;utilisation du sauna SHAPE est renforc\u00e9e par les commandes de sauna KLAFS, telles que les mod\u00e8les 21029 et 21033, qui combinent une interface utilisateur intuitive et un design \u00e9l\u00e9gant. Ces syst\u00e8mes de contr\u00f4le offrent des fonctions avanc\u00e9es telles que l&#8217;arr\u00eat automatique et le contr\u00f4le pr\u00e9cis de la temp\u00e9rature, ce qui rend l&#8217;utilisation du sauna simple et s\u00fbre.<\/p>\n<p>Une autre caract\u00e9ristique du sauna SHAPE est sa flexibilit\u00e9 en termes de taille. Ce sauna est disponible en tailles interm\u00e9diaires par pas de 10 cm, ce qui permet de l&#8217;adapter parfaitement \u00e0 l&#8217;espace disponible dans votre maison. Cette personnalisation garantit que le sauna SHAPE s&#8217;int\u00e8gre parfaitement \u00e0 tout environnement, qu&#8217;il s&#8217;agisse d&#8217;un grand espace de bien-\u00eatre ou d&#8217;un spa domestique compact.<\/p>\n<p>La finition ext\u00e9rieure du sauna SHAPE n&#8217;est pas seulement attrayante sur le plan visuel, elle est aussi durable et facile \u00e0 entretenir. La surface asym\u00e9triquement incurv\u00e9e et l&#8217;effet de profondeur en 3D cr\u00e9ent une esth\u00e9tique unique, tandis que les mat\u00e9riaux de haute qualit\u00e9 garantissent une long\u00e9vit\u00e9 et un entretien minimaliste.<\/p>\n<p>Le sauna Shape est plus qu&#8217;un simple lieu de d\u00e9tente, c&#8217;est un investissement dans la sant\u00e9 et le bien-\u00eatre. Une utilisation r\u00e9guli\u00e8re du sauna peut contribuer \u00e0 soulager le stress, \u00e0 am\u00e9liorer la circulation sanguine et \u00e0 favoriser une bonne nuit de sommeil. La chaleur du sauna aide \u00e9galement \u00e0 d\u00e9tendre les muscles et peut soulager les douleurs et les raideurs musculaires. Le sauna est install\u00e9 par des monteurs sp\u00e9cialis\u00e9s et exp\u00e9riment\u00e9s de Gervi, ce qui garantit une installation professionnelle et une facilit\u00e9 d&#8217;utilisation optimale d\u00e8s la premi\u00e8re utilisation.<\/p>\n<p>Le sauna SHAPE de KLAFS repr\u00e9sente une combinaison in\u00e9gal\u00e9e de design, de fonctionnalit\u00e9 et de confort. Avec son esth\u00e9tique moderne, ses mat\u00e9riaux de haute qualit\u00e9 et ses technologies innovantes, le sauna SHAPE est un compl\u00e9ment pr\u00e9cieux pour toute maison. Que vous cherchiez \u00e0 vous d\u00e9tendre apr\u00e8s une longue journ\u00e9e ou \u00e0 am\u00e9liorer votre sant\u00e9 et votre bien-\u00eatre, le sauna SHAPE offre tout ce dont vous avez besoin pour une exp\u00e9rience de sauna luxueuse et revigorante \u00e0 la maison.<\/p>\n","protected":false},"excerpt":{"rendered":"<ul>\n<li>Design sportif et intemporel<\/li>\n<li>Fa\u00e7ade en verre avec s\u00e9rigraphie sur tout le p\u00e9rim\u00e8tre<\/li>\n<li>Finition int\u00e9rieure enti\u00e8rement en hemlock<\/li>\n<li>Finition ext\u00e9rieure raffin\u00e9e g avec surface finie asym\u00e9trique et effet de profondeur 3D<\/li>\n<li>Le po\u00eale \u00e0 sauna compact et autonome FERO permet des infusions intensives.<\/li>\n<li>L&#8217;utilisation du sauna 21029 est tr\u00e8s facile gr\u00e2ce au grand \u00e9cran tactile et \u00e0 l&#8217;interface utilisateur intuitive.<\/li>\n<li>Des tailles interm\u00e9diaires par incr\u00e9ments de 10:10 cm sont disponibles en standard.<\/li>\n<li>Assembl\u00e9e par ses placers Gervi<\/li>\n<\/ul>\n","protected":false},"featured_media":25666,"template":"","meta":{"_acf_changed":false,"_uag_custom_page_level_css":"","site-sidebar-layout":"default","site-content-layout":"","ast-site-content-layout":"default","site-content-style":"default","site-sidebar-style":"default","ast-global-header-display":"","ast-banner-title-visibility":"","ast-main-header-display":"","ast-hfb-above-header-display":"","ast-hfb-below-header-display":"","ast-hfb-mobile-header-display":"","site-post-title":"","ast-breadcrumbs-content":"","ast-featured-img":"","footer-sml-layout":"","ast-disable-related-posts":"","theme-transparent-header-meta":"default","adv-header-id-meta":"","stick-header-meta":"","header-above-stick-meta":"","header-main-stick-meta":"","header-below-stick-meta":"","astra-migrate-meta-layouts":"default","ast-page-background-enabled":"default","ast-page-background-meta":{"desktop":{"background-color":"","background-image":"","background-repeat":"repeat","background-position":"center center","background-size":"auto","background-attachment":"scroll","background-type":"","background-media":"","overlay-type":"","overlay-color":"","overlay-opacity":"","overlay-gradient":""},"tablet":{"background-color":"","background-image":"","background-repeat":"repeat","background-position":"center center","background-size":"auto","background-attachment":"scroll","background-type":"","background-media":"","overlay-type":"","overlay-color":"","overlay-opacity":"","overlay-gradient":""},"mobile":{"background-color":"","background-image":"","background-repeat":"repeat","background-position":"center center","background-size":"auto","background-attachment":"scroll","background-type":"","background-media":"","overlay-type":"","overlay-color":"","overlay-opacity":"","overlay-gradient":""}},"ast-content-background-meta":{"desktop":{"background-color":"var(--ast-global-color-5)","background-image":"","background-repeat":"repeat","background-position":"center center","background-size":"auto","background-attachment":"scroll","background-type":"","background-media":"","overlay-type":"","overlay-color":"","overlay-opacity":"","overlay-gradient":""},"tablet":{"background-color":"var(--ast-global-color-5)","background-image":"","background-repeat":"repeat","background-position":"center center","background-size":"auto","background-attachment":"scroll","background-type":"","background-media":"","overlay-type":"","overlay-color":"","overlay-opacity":"","overlay-gradient":""},"mobile":{"background-color":"var(--ast-global-color-5)","background-image":"","background-repeat":"repeat","background-position":"center center","background-size":"auto","background-attachment":"scroll","background-type":"","background-media":"","overlay-type":"","overlay-color":"","overlay-opacity":"","overlay-gradient":""}}},"product_brand":[],"product_cat":[765,643],"product_tag":[2653,1315,3498,3497,3444,3496,1344,3499,2270,3502,3493,3504,1314,1339,2463,2427,3501,1357,2457,3495,3453,3477,3442,3494,2458,3500,3503,3505],"class_list":{"0":"post-13081","1":"product","2":"type-product","3":"status-publish","4":"has-post-thumbnail","6":"product_cat-modeles-klafs","7":"product_cat-sauna-fr","8":"product_tag-avantages-pour-la-sante","9":"product_tag-bien-etre","10":"product_tag-bonatherm-chauffage-sous-banc","11":"product_tag-chauffage-fero","12":"product_tag-cigue","13":"product_tag-design-sportif","14":"product_tag-detente","15":"product_tag-eclairage-sunset","16":"product_tag-espace-bien-etre","17":"product_tag-fonctionnement-intuitif","18":"product_tag-forme","19":"product_tag-garantie-de-5-ans","20":"product_tag-gervi-fr","21":"product_tag-klafs-fr","22":"product_tag-materiaux-de-haute-qualite","23":"product_tag-relaxation-musculaire","24":"product_tag-salle-de-sport-a-domicile","25":"product_tag-sauna-fr","26":"product_tag-sauna-compact","27":"product_tag-sauna-de-forme","28":"product_tag-sauna-domestique-fr","29":"product_tag-sauna-durable","30":"product_tag-sauna-interieur","31":"product_tag-sauna-interieur-fr","32":"product_tag-sauna-moderne","33":"product_tag-sauna-sur-mesure","34":"product_tag-soulagement-du-stress","35":"product_tag-une-experience-de-sauna-luxueuse","36":"desktop-align-left","37":"tablet-align-left","38":"mobile-align-left","40":"first","41":"instock","42":"product-type-simple"},"acf":[],"uagb_featured_image_src":{"full":["https:\/\/gervi.be\/wp-content\/uploads\/2023\/08\/SHAPE-Sauna-KLAFS-Gervi.jpg",1920,1440,false],"thumbnail":["https:\/\/gervi.be\/wp-content\/uploads\/2023\/08\/SHAPE-Sauna-KLAFS-Gervi-150x150.jpg",150,150,true],"medium":["https:\/\/gervi.be\/wp-content\/uploads\/2023\/08\/SHAPE-Sauna-KLAFS-Gervi-300x225.jpg",300,225,true],"medium_large":["https:\/\/gervi.be\/wp-content\/uploads\/2023\/08\/SHAPE-Sauna-KLAFS-Gervi-768x576.jpg",768,576,true],"large":["https:\/\/gervi.be\/wp-content\/uploads\/2023\/08\/SHAPE-Sauna-KLAFS-Gervi-1024x768.jpg",1024,768,true],"1536x1536":["https:\/\/gervi.be\/wp-content\/uploads\/2023\/08\/SHAPE-Sauna-KLAFS-Gervi-1536x1152.jpg",1536,1152,true],"2048x2048":["https:\/\/gervi.be\/wp-content\/uploads\/2023\/08\/SHAPE-Sauna-KLAFS-Gervi.jpg",1920,1440,false],"woocommerce_thumbnail":["https:\/\/gervi.be\/wp-content\/uploads\/2023\/08\/SHAPE-Sauna-KLAFS-Gervi.jpg",1920,1440,false],"woocommerce_single":["https:\/\/gervi.be\/wp-content\/uploads\/2023\/08\/SHAPE-Sauna-KLAFS-Gervi.jpg",1920,1440,false],"woocommerce_gallery_thumbnail":["https:\/\/gervi.be\/wp-content\/uploads\/2023\/08\/SHAPE-Sauna-KLAFS-Gervi-100x100.jpg",100,100,true],"dgwt-wcas-product-suggestion":["https:\/\/gervi.be\/wp-content\/uploads\/2023\/08\/SHAPE-Sauna-KLAFS-Gervi.jpg",64,48,false]},"uagb_author_info":{"display_name":"Marjolein Nijs","author_link":"https:\/\/gervi.be\/fr\/author\/"},"uagb_comment_info":0,"uagb_excerpt":"Design sportif et intemporel Fa\u00e7ade en verre avec s\u00e9rigraphie sur tout le p\u00e9rim\u00e8tre Finition int\u00e9rieure enti\u00e8rement en hemlock Finition ext\u00e9rieure raffin\u00e9e g avec surface finie asym\u00e9trique et effet de profondeur 3D Le po\u00eale \u00e0 sauna compact et autonome FERO permet des infusions intensives. L'utilisation du sauna 21029 est tr\u00e8s facile gr\u00e2ce au grand \u00e9cran tactile\u2026","_links":{"self":[{"href":"https:\/\/gervi.be\/fr\/wp-json\/wp\/v2\/product\/13081","targetHints":{"allow":["GET"]}}],"collection":[{"href":"https:\/\/gervi.be\/fr\/wp-json\/wp\/v2\/product"}],"about":[{"href":"https:\/\/gervi.be\/fr\/wp-json\/wp\/v2\/types\/product"}],"wp:featuredmedia":[{"embeddable":true,"href":"https:\/\/gervi.be\/fr\/wp-json\/wp\/v2\/media\/25666"}],"wp:attachment":[{"href":"https:\/\/gervi.be\/fr\/wp-json\/wp\/v2\/media?parent=13081"}],"wp:term":[{"taxonomy":"product_brand","embeddable":true,"href":"https:\/\/gervi.be\/fr\/wp-json\/wp\/v2\/product_brand?post=13081"},{"taxonomy":"product_cat","embeddable":true,"href":"https:\/\/gervi.be\/fr\/wp-json\/wp\/v2\/product_cat?post=13081"},{"taxonomy":"product_tag","embeddable":true,"href":"https:\/\/gervi.be\/fr\/wp-json\/wp\/v2\/product_tag?post=13081"}],"curies":[{"name":"wp","href":"https:\/\/api.w.org\/{rel}","templated":true}]}}